{"id":98,"date":"2018-06-25T13:28:46","date_gmt":"2018-06-25T13:28:46","guid":{"rendered":"https:\/\/eleiana.fr\/?page_id=98"},"modified":"2020-02-13T14:46:43","modified_gmt":"2020-02-13T13:46:43","slug":"bioenergie-equilibrage-energetique","status":"publish","type":"page","link":"https:\/\/eleiana.fr\/index.php\/bioenergie-equilibrage-energetique\/","title":{"rendered":"Harmonisation \u00e9nerg\u00e9tique et vibratoire"},"content":{"rendered":"<p><img loading=\"lazy\" class=\"alignnone wp-image-267 size-full\" src=\"https:\/\/eleiana.fr\/wp-content\/uploads\/2018\/11\/DSCF2760-modiftaille2.jpg\" alt=\"\" width=\"1464\" height=\"1098\" \/><\/p>\n<p style=\"text-align: center;\"><span style=\"color: #800080;\"><a style=\"color: #800080;\" href=\"https:\/\/eleiana.fr\/index.php\/bioenergie-equilibrage-energetique\/a-qui-sadresse-la-bioenergie\/\">A qui s&rsquo;adresse la bio\u00e9nergie ?<\/a><\/span><\/p>\n<p style=\"text-align: center;\"><span style=\"color: #800080;\"><a style=\"color: #800080;\" href=\"https:\/\/eleiana.fr\/index.php\/bioenergie-equilibrage-energetique\/bioenergie\/\">Qu&rsquo;est-ce-que la bio\u00e9nergie ?<\/a><\/span><\/p>\n<p style=\"text-align: center;\"><span style=\"color: #800080;\"><a style=\"color: #800080;\" href=\"https:\/\/eleiana.fr\/index.php\/bioenergie-equilibrage-energetique\/aura-corps-subtils-chakras\/\">Aura, corps subtils, chakras &#8230; ?<\/a><\/span><\/p>\n<p style=\"text-align: center;\"><span style=\"color: #800080;\"><a style=\"color: #800080;\" href=\"https:\/\/eleiana.fr\/index.php\/bioenergie-equilibrage-energetique\/differentes-formules\/\">D\u00e9roulement d&rsquo;une s\u00e9ance<\/a><\/span><\/p>\n<p style=\"text-align: center;\"><span style=\"color: #800080;\"><a style=\"color: #800080;\" href=\"https:\/\/eleiana.fr\/index.php\/bioenergie-equilibrage-energetique\/tarifs-bioenergie\/\">Tarifs bio\u00e9nergie<\/a><\/span><\/p>\n","protected":false},"excerpt":{"rendered":"<p>A qui s&rsquo;adresse la bio\u00e9nergie ? Qu&rsquo;est-ce-que la bio\u00e9nergie ? Aura, corps subtils, chakras &#8230; ? D\u00e9roulement d&rsquo;une s\u00e9ance Tarifs bio\u00e9nergie<\/p>\n","protected":false},"author":1,"featured_media":0,"parent":0,"menu_order":0,"comment_status":"closed","ping_status":"closed","template":"","meta":[],"_links":{"self":[{"href":"https:\/\/eleiana.fr\/index.php\/wp-json\/wp\/v2\/pages\/98"}],"collection":[{"href":"https:\/\/eleiana.fr\/index.php\/wp-json\/wp\/v2\/pages"}],"about":[{"href":"https:\/\/eleiana.fr\/index.php\/wp-json\/wp\/v2\/types\/page"}],"author":[{"embeddable":true,"href":"https:\/\/eleiana.fr\/index.php\/wp-json\/wp\/v2\/users\/1"}],"replies":[{"embeddable":true,"href":"https:\/\/eleiana.fr\/index.php\/wp-json\/wp\/v2\/comments?post=98"}],"version-history":[{"count":32,"href":"https:\/\/eleiana.fr\/index.php\/wp-json\/wp\/v2\/pages\/98\/revisions"}],"predecessor-version":[{"id":927,"href":"https:\/\/eleiana.fr\/index.php\/wp-json\/wp\/v2\/pages\/98\/revisions\/927"}],"wp:attachment":[{"href":"https:\/\/eleiana.fr\/index.php\/wp-json\/wp\/v2\/media?parent=98"}],"curies":[{"name":"wp","href":"https:\/\/api.w.org\/{rel}","templated":true}]}}