{"id":198,"date":"2018-11-18T08:00:43","date_gmt":"2018-11-18T08:00:43","guid":{"rendered":"https:\/\/eleiana.fr\/?page_id=198"},"modified":"2018-12-10T13:47:24","modified_gmt":"2018-12-10T13:47:24","slug":"chant-vibratoire","status":"publish","type":"page","link":"https:\/\/eleiana.fr\/index.php\/blog\/chant-vibratoire\/","title":{"rendered":"Qu&rsquo;est ce que le chant vibratoire ?"},"content":{"rendered":"<p style=\"text-align: center;\"><span style=\"color: #800080;\">Le chant vibratoire selon la m\u00e9thode Vib&rsquo;art\u00ae\u00a0 am\u00e8ne \u00e0 prendre contact avec notre int\u00e9riorit\u00e9 dans l&rsquo;instant pr\u00e9sent pour lib\u00e9rer les blocages et entraves de la voix.<\/span><\/p>\n<p style=\"text-align: center;\"><span style=\"color: #800080;\">Ce chant se nourrit de sons, vibrations, m\u00e9lodies et rythmiques que nous contactons progressivement et qui d\u00e9veloppe notre cr\u00e9ativit\u00e9.<\/span><\/p>\n<p style=\"text-align: center;\"><span style=\"color: #800080;\">Pour permettre l&rsquo;exploration de notre voix, nous prenons contact avec la vibration de l&rsquo;instant qui va correspondre \u00e0 une note : notre chant sera accompagn\u00e9 d&rsquo;un bourdon, note exprim\u00e9e sur 3 octaves diff\u00e9rentes.<\/span><\/p>\n<p style=\"text-align: center;\"><span style=\"color: #800080;\">Ce son permet de nous enraciner et \u00e0 la fois d&rsquo;ouvrir les possibles. Pour vous aider dans votre exploration, ma voix vous accompagne, elle offre une guidance.<\/span><\/p>\n","protected":false},"excerpt":{"rendered":"<p>Le chant vibratoire selon la m\u00e9thode Vib&rsquo;art\u00ae\u00a0 am\u00e8ne \u00e0 prendre contact avec notre int\u00e9riorit\u00e9 dans l&rsquo;instant pr\u00e9sent pour lib\u00e9rer les blocages et entraves de la voix. Ce chant se nourrit de sons, vibrations, m\u00e9lodies et rythmiques que nous contactons progressivement et qui d\u00e9veloppe notre cr\u00e9ativit\u00e9. Pour permettre l&rsquo;exploration de notre voix, nous prenons contact avec &hellip; <\/p>\n<p class=\"link-more\"><a href=\"https:\/\/eleiana.fr\/index.php\/blog\/chant-vibratoire\/\" class=\"more-link\">Continuer la lecture<span class=\"screen-reader-text\"> de &laquo;&nbsp;Qu&rsquo;est ce que le chant vibratoire ?&nbsp;&raquo;<\/span><\/a><\/p>\n","protected":false},"author":1,"featured_media":0,"parent":14,"menu_order":2,"comment_status":"closed","ping_status":"closed","template":"","meta":[],"_links":{"self":[{"href":"https:\/\/eleiana.fr\/index.php\/wp-json\/wp\/v2\/pages\/198"}],"collection":[{"href":"https:\/\/eleiana.fr\/index.php\/wp-json\/wp\/v2\/pages"}],"about":[{"href":"https:\/\/eleiana.fr\/index.php\/wp-json\/wp\/v2\/types\/page"}],"author":[{"embeddable":true,"href":"https:\/\/eleiana.fr\/index.php\/wp-json\/wp\/v2\/users\/1"}],"replies":[{"embeddable":true,"href":"https:\/\/eleiana.fr\/index.php\/wp-json\/wp\/v2\/comments?post=198"}],"version-history":[{"count":5,"href":"https:\/\/eleiana.fr\/index.php\/wp-json\/wp\/v2\/pages\/198\/revisions"}],"predecessor-version":[{"id":482,"href":"https:\/\/eleiana.fr\/index.php\/wp-json\/wp\/v2\/pages\/198\/revisions\/482"}],"up":[{"embeddable":true,"href":"https:\/\/eleiana.fr\/index.php\/wp-json\/wp\/v2\/pages\/14"}],"wp:attachment":[{"href":"https:\/\/eleiana.fr\/index.php\/wp-json\/wp\/v2\/media?parent=198"}],"curies":[{"name":"wp","href":"https:\/\/api.w.org\/{rel}","templated":true}]}}