{"id":190,"date":"2018-11-18T07:54:56","date_gmt":"2018-11-18T07:54:56","guid":{"rendered":"https:\/\/eleiana.fr\/?page_id=190"},"modified":"2019-12-20T15:57:54","modified_gmt":"2019-12-20T14:57:54","slug":"differentes-formules","status":"publish","type":"page","link":"https:\/\/eleiana.fr\/index.php\/bioenergie-equilibrage-energetique\/differentes-formules\/","title":{"rendered":"D\u00e9roulement d&rsquo;une s\u00e9ance"},"content":{"rendered":"<p style=\"text-align: center;\"><span style=\"color: #800080;\">Une s\u00e9ance en Harmonisation \u00e9nerg\u00e9tique et vibratoire dure de 1 heure \u00e0 1h30. (lors d&rsquo;un premier rendez-vous compter 2 heures)<br \/>\n<\/span><\/p>\n<p style=\"text-align: center;\"><span style=\"color: #800080;\">Dans un premier temps, un \u00e9change a lieu pour permettre de cibler la probl\u00e9matique de l&rsquo;instant. La verbalisation permet de faire remonter ce qui a besoin d&rsquo;\u00eatre trait\u00e9 dans l&rsquo;instant.<br \/>\n<\/span><\/p>\n<p style=\"text-align: center;\"><span style=\"color: #800080;\">L&rsquo;\u00e9quilibrage \u00e9nerg\u00e9tique s&rsquo;effectue g\u00e9n\u00e9ralement allong\u00e9 afin d&rsquo;apporter un meilleur l\u00e2cher-prise. Les mains lumi\u00e8re plac\u00e9es au dessus du corps agissent en passant par votre 1\u00e8re harmonique des corps subtils. Votre corps re\u00e7oit les informations et laisse entrer la lumi\u00e8re pour vous r\u00e9 aligner, vous harmoniser.<br \/>\n<\/span><\/p>\n<p style=\"text-align: center;\"><span style=\"color: #800080;\">Au cours de l&rsquo;\u00e9quilibrage, je peux \u00eatre amen\u00e9e \u00e0 utiliser le son et la voix pour permettre de d\u00e9bloquer des freins inconscients \u00e0\u00a0 l&rsquo;accueil des \u00e9nergies.<\/span><\/p>\n<p style=\"text-align: center;\"><span style=\"color: #800080;\">J&rsquo;utilise notamment le Kotamo, instrument harmonisant mais \u00e9galement les diapasons du solf\u00e8ge sacr\u00e9. Dans certaines situations, le didgerido, le bol tib\u00e9tain ou le carillon.<\/span><\/p>\n<p style=\"text-align: center;\"><span style=\"color: #800080;\">En fin de s\u00e9ance, je v\u00e9rifie le centrage et l&rsquo;harmonisation de vos corps subtils.<\/span><\/p>\n<p style=\"text-align: center;\"><span style=\"color: #800080;\">Cette s\u00e9ance peut \u00eatre compl\u00e9t\u00e9e par un accompagnement personnalis\u00e9 afin de vous permettre d&rsquo;avancer de fa\u00e7on plus autonome de votre c\u00f4t\u00e9 : exercices \u00e9nerg\u00e9tiques\u00a0 adapt\u00e9s \u00e0 vos besoins (compter 3 heures).<\/span><\/p>\n","protected":false},"excerpt":{"rendered":"<p>Une s\u00e9ance en Harmonisation \u00e9nerg\u00e9tique et vibratoire dure de 1 heure \u00e0 1h30. (lors d&rsquo;un premier rendez-vous compter 2 heures) Dans un premier temps, un \u00e9change a lieu pour permettre de cibler la probl\u00e9matique de l&rsquo;instant. La verbalisation permet de faire remonter ce qui a besoin d&rsquo;\u00eatre trait\u00e9 dans l&rsquo;instant. L&rsquo;\u00e9quilibrage \u00e9nerg\u00e9tique s&rsquo;effectue g\u00e9n\u00e9ralement allong\u00e9 &hellip; <\/p>\n<p class=\"link-more\"><a href=\"https:\/\/eleiana.fr\/index.php\/bioenergie-equilibrage-energetique\/differentes-formules\/\" class=\"more-link\">Continuer la lecture<span class=\"screen-reader-text\"> de &laquo;&nbsp;D\u00e9roulement d&rsquo;une s\u00e9ance&nbsp;&raquo;<\/span><\/a><\/p>\n","protected":false},"author":1,"featured_media":0,"parent":98,"menu_order":2,"comment_status":"closed","ping_status":"closed","template":"","meta":[],"_links":{"self":[{"href":"https:\/\/eleiana.fr\/index.php\/wp-json\/wp\/v2\/pages\/190"}],"collection":[{"href":"https:\/\/eleiana.fr\/index.php\/wp-json\/wp\/v2\/pages"}],"about":[{"href":"https:\/\/eleiana.fr\/index.php\/wp-json\/wp\/v2\/types\/page"}],"author":[{"embeddable":true,"href":"https:\/\/eleiana.fr\/index.php\/wp-json\/wp\/v2\/users\/1"}],"replies":[{"embeddable":true,"href":"https:\/\/eleiana.fr\/index.php\/wp-json\/wp\/v2\/comments?post=190"}],"version-history":[{"count":9,"href":"https:\/\/eleiana.fr\/index.php\/wp-json\/wp\/v2\/pages\/190\/revisions"}],"predecessor-version":[{"id":887,"href":"https:\/\/eleiana.fr\/index.php\/wp-json\/wp\/v2\/pages\/190\/revisions\/887"}],"up":[{"embeddable":true,"href":"https:\/\/eleiana.fr\/index.php\/wp-json\/wp\/v2\/pages\/98"}],"wp:attachment":[{"href":"https:\/\/eleiana.fr\/index.php\/wp-json\/wp\/v2\/media?parent=190"}],"curies":[{"name":"wp","href":"https:\/\/api.w.org\/{rel}","templated":true}]}}