{"id":187,"date":"2018-11-18T07:51:12","date_gmt":"2018-11-18T07:51:12","guid":{"rendered":"https:\/\/eleiana.fr\/?page_id=187"},"modified":"2019-10-02T15:49:31","modified_gmt":"2019-10-02T13:49:31","slug":"bioenergie","status":"publish","type":"page","link":"https:\/\/eleiana.fr\/index.php\/bioenergie-equilibrage-energetique\/bioenergie\/","title":{"rendered":"Qu&rsquo;est-ce-que l&rsquo;harmonisation \u00e9nerg\u00e9tique et vibratoire ?"},"content":{"rendered":"<p style=\"text-align: center;\"><span style=\"color: #800080;\"><strong>L&rsquo;harmonisation \u00e9nerg\u00e9tique et vibratoire<\/strong>,<\/span><\/p>\n<p style=\"text-align: center;\"><span style=\"color: #800080;\">alchimie des \u00e9nergies du vivant et de la r\u00e9sonance sonore,<br \/>\n<\/span><\/p>\n<p style=\"text-align: center;\"><span style=\"color: #800080;\">outil de lib\u00e9ration de l&rsquo;\u00catre<\/span><\/p>\n<p style=\"text-align: center;\"><span style=\"color: #800080;\">permet<\/span><\/p>\n<p style=\"text-align: center;\"><span style=\"color: #800080;\">de\u00a0lever les blocages des diff\u00e9rents corps subtils<\/span><br \/>\n<span style=\"color: #800080;\">(\u00e9th\u00e9riques, mentaux, \u00e9motionnels bouddhiques&#8230;)\u00a0<\/span><\/p>\n<p style=\"text-align: center;\"><span style=\"color: #800080;\">et <\/span><\/p>\n<p style=\"text-align: center;\"><span style=\"color: #800080;\">d&rsquo;harmoniser le Corps-c\u0153ur-esprit<\/span><\/p>\n<p style=\"text-align: center;\"><span style=\"color: #800080;\">&#8211;\u00a0 par la lib\u00e9ration des emprises inscrites sur les diff\u00e9rents corps subtils,<\/span><br \/>\n<span style=\"color: #800080;\">&#8211; par la lib\u00e9ration des m\u00e9moires karmiques et transg\u00e9n\u00e9rationnelles,<\/span><br \/>\n<span style=\"color: #800080;\">&#8211; par la lib\u00e9ration des kystes et parasites \u00e9nerg\u00e9tiques (\u00e9motionnels, mentaux)<\/span><br \/>\n<span style=\"color: #800080;\">&#8211; par la r\u00e9-harmonisation des centres, syst\u00e8mes \u00e9nerg\u00e9tiques internes et externes<\/span><br \/>\n<span style=\"color: #800080;\">&#8211; par la r\u00e9paration des fuites d&rsquo;\u00e9nergies dans notre aura caus\u00e9es par les chocs \u00e9motionnels et autres blocages,<\/span><br \/>\n<span style=\"color: #800080;\">&#8211; par la lib\u00e9ration des entit\u00e9s,<\/span><br \/>\n<span style=\"color: #800080;\">&#8211; ainsi que par la lib\u00e9ration des conflits programmant, des fausses croyances, serments et v\u0153ux &#8230;<\/span><\/p>\n","protected":false},"excerpt":{"rendered":"<p>L&rsquo;harmonisation \u00e9nerg\u00e9tique et vibratoire, alchimie des \u00e9nergies du vivant et de la r\u00e9sonance sonore, outil de lib\u00e9ration de l&rsquo;\u00catre permet de\u00a0lever les blocages des diff\u00e9rents corps subtils (\u00e9th\u00e9riques, mentaux, \u00e9motionnels bouddhiques&#8230;)\u00a0 et d&rsquo;harmoniser le Corps-c\u0153ur-esprit &#8211;\u00a0 par la lib\u00e9ration des emprises inscrites sur les diff\u00e9rents corps subtils, &#8211; par la lib\u00e9ration des m\u00e9moires karmiques et &hellip; <\/p>\n<p class=\"link-more\"><a href=\"https:\/\/eleiana.fr\/index.php\/bioenergie-equilibrage-energetique\/bioenergie\/\" class=\"more-link\">Continuer la lecture<span class=\"screen-reader-text\"> de &laquo;&nbsp;Qu&rsquo;est-ce-que l&rsquo;harmonisation \u00e9nerg\u00e9tique et vibratoire ?&nbsp;&raquo;<\/span><\/a><\/p>\n","protected":false},"author":1,"featured_media":0,"parent":98,"menu_order":1,"comment_status":"closed","ping_status":"closed","template":"","meta":[],"_links":{"self":[{"href":"https:\/\/eleiana.fr\/index.php\/wp-json\/wp\/v2\/pages\/187"}],"collection":[{"href":"https:\/\/eleiana.fr\/index.php\/wp-json\/wp\/v2\/pages"}],"about":[{"href":"https:\/\/eleiana.fr\/index.php\/wp-json\/wp\/v2\/types\/page"}],"author":[{"embeddable":true,"href":"https:\/\/eleiana.fr\/index.php\/wp-json\/wp\/v2\/users\/1"}],"replies":[{"embeddable":true,"href":"https:\/\/eleiana.fr\/index.php\/wp-json\/wp\/v2\/comments?post=187"}],"version-history":[{"count":19,"href":"https:\/\/eleiana.fr\/index.php\/wp-json\/wp\/v2\/pages\/187\/revisions"}],"predecessor-version":[{"id":871,"href":"https:\/\/eleiana.fr\/index.php\/wp-json\/wp\/v2\/pages\/187\/revisions\/871"}],"up":[{"embeddable":true,"href":"https:\/\/eleiana.fr\/index.php\/wp-json\/wp\/v2\/pages\/98"}],"wp:attachment":[{"href":"https:\/\/eleiana.fr\/index.php\/wp-json\/wp\/v2\/media?parent=187"}],"curies":[{"name":"wp","href":"https:\/\/api.w.org\/{rel}","templated":true}]}}